{"id":9146,"date":"2021-08-29T12:19:45","date_gmt":"2021-08-29T10:19:45","guid":{"rendered":"https:\/\/www.kabelbomen.com\/?post_type=product&#038;p=9146"},"modified":"2026-03-15T11:33:48","modified_gmt":"2026-03-15T10:33:48","slug":"gosterge-paneli-kablo-demeti-traksiyon-avant-15-alti","status":"publish","type":"product","link":"https:\/\/www.kabelbomen.com\/tr\/product\/dashboard-kabelboom-traction-avant-15-six\/","title":{"rendered":"G\u00f6sterge tablosu kablo demeti Traction Avant 15-Six Ocak '46 - Haziran '52"},"content":{"rendered":"<p>Citro\u00ebn Traction Avant 15 Six'in \u00f6n kanatlar\u0131nda orijinal park lambalar\u0131 vard\u0131r, ancak g\u00f6stergeleri yoktur.<br \/>\nKablolaman\u0131n omurgadan do\u011fru yerde \u00e7\u0131kmas\u0131 i\u00e7in RAW anahtar\u0131n\u0131n panodaki konumu m\u00fc\u015fteri ile kararla\u015ft\u0131r\u0131lmal\u0131d\u0131r.<br \/>\nG\u00f6stergeler, bagaj\u0131n tan\u0131t\u0131ld\u0131\u011f\u0131 1952 y\u0131l\u0131ndan itibaren fabrikan\u0131n yapt\u0131\u011f\u0131 gibi park lambalar\u0131n\u0131n oldu\u011fu yere yerle\u015ftirilebilir.<\/p>\n<p>\u00d6zg\u00fcnl\u00fck ad\u0131na bu park lambalar\u0131n\u0131 saklamak istiyorsan\u0131z, \u00f6rne\u011fin \u00f6n g\u00f6stergeler tampona yerle\u015ftirilebilir.<br \/>\nElbette bu, g\u00f6sterge paneli kablo demetinde ayarlamalar yap\u0131lmas\u0131n\u0131, kablolar eklenmesini gerektirir.<\/p>\n<p>Arka y\u00f6n g\u00f6stergeleri i\u00e7in de kablolar\u0131n eklenmesi gerekir. <a href=\"https:\/\/www.kabelbomen.com\/tr\/webshop\/tavan-kablo-demeti%cc%87-traction-avant-11bl-11bn-1952-ve-15-six-sonrasi\/\">tavan kablo demeti<\/a> ve <a href=\"https:\/\/www.kabelbomen.com\/tr\/webshop\/bagaj-kablo-demeti%cc%87-traction-avant-11bl-bn-15-six\/\">\u00f6ny\u00fckleme a\u011fac\u0131<\/a>.<br \/>\nSipari\u015finizden sonra, her \u015feyi konu\u015fmak i\u00e7in sizinle her zaman ileti\u015fime ge\u00e7ece\u011fiz. Bu \u015fekilde, 100%'li versiyonunuz i\u00e7in do\u011fru kablo demetini, muhtemelen gerekti\u011fi gibi eklemelerle yapabiliriz.<\/p>\n<p>Akla gelebilecek her \u015feyi tedarik ediyoruz <a href=\"https:\/\/www.kabelbomen.com\/tr\/urun-kategori\/citroen-traction-avant\/\">T\u00fcm y\u0131llar ve t\u00fcm tipler i\u00e7in kablo demetleri Citro\u00ebn Traction Avant<\/a>M\u00fc\u015fteri taraf\u0131ndan talep edilen her t\u00fcrl\u00fc \u00f6zelle\u015ftirme ile.<\/p>\n<p>Sorular\u0131n\u0131z veya \u00f6zel bir sipari\u015f i\u00e7in l\u00fctfen <a href=\"https:\/\/www.kabelbomen.com\/tr\/iletisim\/\">\u0130leti\u015fim<\/a>\u00a0Bizimle birlikte.<\/p>","protected":false},"excerpt":{"rendered":"<p>Citro\u00ebn Traction Avant 15 Six i\u00e7in g\u00f6sterge paneli kablo demeti.<\/p>\n<p>Ocak 1946'dan Haziran 1952'ye kadar ger\u00e7ekle\u015ftirilmi\u015ftir.<\/p>\n<p>Alt\u0131 tekerlek olarak da adland\u0131r\u0131l\u0131r.<\/p>","protected":false},"featured_media":9166,"comment_status":"open","ping_status":"closed","template":"","meta":[],"product_brand":[],"product_cat":[56,38],"product_tag":[75,62,34],"hf_cat_product":[252],"class_list":{"0":"post-9146","1":"product","2":"type-product","3":"status-publish","4":"has-post-thumbnail","6":"product_cat-citroen-traction-avant","7":"product_cat-kabelbomen","8":"product_tag-citroen-traction-avant-15-six","9":"product_tag-dashboardboom","10":"product_tag-kabelboom","11":"product_shipping_class-groot-pakket","13":"first","14":"instock","15":"taxable","16":"shipping-taxable","17":"purchasable","18":"product-type-simple"},"_links":{"self":[{"href":"https:\/\/www.kabelbomen.com\/tr\/wp-json\/wp\/v2\/product\/9146","targetHints":{"allow":["GET"]}}],"collection":[{"href":"https:\/\/www.kabelbomen.com\/tr\/wp-json\/wp\/v2\/product"}],"about":[{"href":"https:\/\/www.kabelbomen.com\/tr\/wp-json\/wp\/v2\/types\/product"}],"replies":[{"embeddable":true,"href":"https:\/\/www.kabelbomen.com\/tr\/wp-json\/wp\/v2\/comments?post=9146"}],"version-history":[{"count":6,"href":"https:\/\/www.kabelbomen.com\/tr\/wp-json\/wp\/v2\/product\/9146\/revisions"}],"predecessor-version":[{"id":17004,"href":"https:\/\/www.kabelbomen.com\/tr\/wp-json\/wp\/v2\/product\/9146\/revisions\/17004"}],"wp:featuredmedia":[{"embeddable":true,"href":"https:\/\/www.kabelbomen.com\/tr\/wp-json\/wp\/v2\/media\/9166"}],"wp:attachment":[{"href":"https:\/\/www.kabelbomen.com\/tr\/wp-json\/wp\/v2\/media?parent=9146"}],"wp:term":[{"taxonomy":"product_brand","embeddable":true,"href":"https:\/\/www.kabelbomen.com\/tr\/wp-json\/wp\/v2\/product_brand?post=9146"},{"taxonomy":"product_cat","embeddable":true,"href":"https:\/\/www.kabelbomen.com\/tr\/wp-json\/wp\/v2\/product_cat?post=9146"},{"taxonomy":"product_tag","embeddable":true,"href":"https:\/\/www.kabelbomen.com\/tr\/wp-json\/wp\/v2\/product_tag?post=9146"},{"taxonomy":"hf_cat_product","embeddable":true,"href":"https:\/\/www.kabelbomen.com\/tr\/wp-json\/wp\/v2\/hf_cat_product?post=9146"}],"curies":[{"name":"wp","href":"https:\/\/api.w.org\/{rel}","templated":true}]}}